{"id":125,"date":"2015-03-05T17:32:27","date_gmt":"2015-03-05T17:32:27","guid":{"rendered":"https:\/\/www.duesseldorfer-therapie.de\/?page_id=125"},"modified":"2024-01-02T14:38:12","modified_gmt":"2024-01-02T14:38:12","slug":"odcisk","status":"publish","type":"page","link":"https:\/\/www.duesseldorfer-therapie.de\/pl\/odcisk\/","title":{"rendered":"Odcisk"},"content":{"rendered":"<p>Diese Website wird tempor\u00e4r verwaltet von:<br \/>\nVitaliy Malykin<br \/>\nAmsterdamer Str. 230<br \/>\n50735 K\u00f6ln<br \/>\n<a href=\"tel:+21179564998\">Tel. 0211 795 64 998<\/a><\/p>\n<div id=\"seo-agentur-design4u\" style=\"display: block; margin: 50px 0px; text-align: left;\"><img loading=\"lazy\" decoding=\"async\" class=\"alignnone size-full wp-image-230\" src=\"https:\/\/www.duesseldorfer-therapie.de\/wp-content\/uploads\/2014\/12\/design4u.logo_.jpg\" alt=\"Design4u K\u00f6ln Logo\" width=\"215\" height=\"85\" \/><\/p>\n<h3>Gesamtkonzept, Layout, Realisation:<\/h3>\n<p><a title=\"Vitaliy Malykin Internetagentur K\u00f6ln\" href=\"https:\/\/www.design4u.org\/webkonzepte\/\">Webdesign Agentur Design4u <\/a><br \/>\nCMS: <a title=\"Wordpress\" href=\"https:\/\/www.design4u.org\/wordpress-agentur-koeln-webdesign-seo-wordpress\/\">WordPress<\/a> von <a href=\"https:\/\/www.malykin.com\/\">Vitaliy Malykin<\/a> \/ <a href=\"https:\/\/evr.st\">evr.st<\/a>\n<\/div>\n<p>Zust\u00e4ndige Kammer: Psychotherapeutenkammer NRW Willst\u00e4tterstr. 10 40549 D\u00fcsseldorf<\/p>\n<p>Gesetzliche Berufsbezeichnung: Diplom-Psychologin, verliehen in der Bundesrepublik Deutschland und Psychologische Psychotherapeutin (Verhaltenstherapie), verliehen in der Bundesrepublik Deutschland (Kassen\u00e4rztliche Vereinigung Nordrhein).<\/p>\n<p>Ma\u00dfgebliche Berufsrechtliche Regelungen und Berufsordnung: Gesetz \u00fcber die Berufe der Psychologischen Psychotherapeuten und der Kinder- und Jugendlichenpsychotherapeuten (Psychotherapeutengesetz PsychThG) v. 16.6.1998 (BGB1 S.1311) zuletzt ge\u00e4ndert am 20.06.2002 (BGB1 1 S. 1946, 1996) Berufsordnung der Psychotherapeutenkammer NRW vom 12.11.2004.<\/p>\n<p>Texte der genannten Bestimmungen sind auf der Seite der Psychotherapeutenkammer NRW (www.ptk-nrw.de) nachzulesen.<\/p>\n<p>Haftungshinweise: Verantwortlich f\u00fcr die Informationen gem\u00e4\u00df \u00a7 5 Teledienstgesetz: Vitaliy Malykin (Anschrift siehe oben). Trotz sorgf\u00e4ltiger inhaltlicher Kontrolle \u00fcbernehme ich keine Haftung f\u00fcr die Inhalte externer Links. F\u00fcr den Inhalt der verlinkten Seiten sind ausschlie\u00dflich deren Betreiber verantwortlich. Ich betone ausdr\u00fccklich, da\u00df ich keinerlei Einfluss auf die Gestaltung und die Inhalte der gelinkten Seiten habe. Deshalb distanziere ich mich hiermit ausdr\u00fccklich von den sichtbaren und unsichtbaren Inhalten aller gelinkten Seiten, den dahinter stehenden Servern, weiterf\u00fchrenden Links und s\u00e4mtlichen anderen Angaben der fremden Seiten, die eine Verbindung zu meiner Website aufweisen. Diese Erkl\u00e4rung gilt f\u00fcr alle auf meiner Website angebrachten Links. Hinsichtlich der Inhalte in den bereitgestellten Mitglieder- und Partneraccounts nehme ich als Diensteanbieter die Haftungsprivilegien nach \u00a7 5 Nr. 3 TDG bzw. nach \u00a7 11 TDG in Anspruch.<\/p>\n<p>Weiterhin \u00fcbernehme ich keinerlei Gew\u00e4hr f\u00fcr die Aktualit\u00e4t, Korrektheit, Vollst\u00e4ndigkeit oder Qualit\u00e4t der bereitgestellten Informationen. Haftungsanspr\u00fcche gegen mich, die sich auf Sch\u00e4den materieller oder ideeller Art beziehen, die durch die Nutzung oder Nichtnutzung der dargebotenen Informationen bzw. durch die Nutzung fehlerhafter und unvollst\u00e4ndiger Informationen verursacht wurden, sind grunds\u00e4tzlich ausgeschlossen, sofern meinerseits kein nachweislich vors\u00e4tzliches oder grob fahrl\u00e4ssiges Verschulden vorliegt. Ich behalte es mir vor, Teile der Seiten oder das gesamte Angebot ohne gesonderte Ank\u00fcndigung zu ver\u00e4ndern, zu erg\u00e4nzen, zu l\u00f6schen oder die Ver\u00f6ffentlichung zeitweise oder endg\u00fcltig einzustellen. Die hier angebotenen Informationen stellen keine Beratung oder heilkundliche Psychotherapie dar, diese entsteht erst im pers\u00f6nlichen Kontakt zur Behandlerin.<\/p>\n<h3>Bitte beachten Sie: Keine Abmahnung ohne vorherigen Kontakt!<\/h3>\n<p>Sollte irgendwelcher Inhalt oder die designtechnische Gestaltung einzelner Seiten oder Teile dieser Internetseite fremde Rechte Dritter oder gesetzliche Bestimmungen verletzen oder anderweitig in irgendeiner Form Wettbewerbsrechtliche Probleme hervorbringen, so bitte ich unter Berufung auf \u00a7 8 Abs. 4 UWG, um eine angemessene, ausreichend erl\u00e4uternde und schnelle Nachricht ohne Kostennote. Ich garantiere, dass die zu Recht beanstandeten Passagen oder Teile dieser Webseiten in angemessener Frist entfernt bzw. den rechtlichen Vorgaben umf\u00e4nglich angepasst werden, ohne dass von Ihrer Seite die Einschaltung eines Rechtsbeistandes erforderlich ist. Die Einschaltung eines Anwaltes, zur f\u00fcr den Diensteanbieter kostenpflichtigen Abmahnung, entspricht nicht dessen wirklichen oder mutma\u00dflichen Willen und w\u00fcrde<\/p>\n<p>damit einen Versto\u00df gegen \u00a7 13 Abs. 5 UWG, wegen der Verfolgung sachfremder Ziele als beherrschendes Motiv der Verfahrenseinleitung, insbesondere einer Kostenerzielungsabsicht als eigentliche Triebfeder,sowie einen Versto\u00df gegen die Schadensminderungspflicht darstellen. Es besteht keine Haftung f\u00fcr die Vereinbarkeit der Inhalte dieser Seiten mit den rechtlichen Bestimmungen au\u00dferhalb der Bundesrepublik Deutschland.<\/p>\n","protected":false},"excerpt":{"rendered":"<p>Diese Website wird tempor\u00e4r verwaltet von: Vitaliy Malykin Amsterdamer Str. 230 50735 K\u00f6ln Tel. 0211 795 64 998 Gesamtkonzept, Layout, Realisation: Webdesign Agentur Design4u CMS: WordPress von Vitaliy Malykin \/ evr.st Zust\u00e4ndige Kammer: Psychotherapeutenkammer NRW Willst\u00e4tterstr. 10 40549 D\u00fcsseldorf Gesetzliche Berufsbezeichnung: Diplom-Psychologin, verliehen in der Bundesrepublik Deutschland und Psychologische Psychotherapeutin (Verhaltenstherapie), verliehen in der Bundesrepublik [&hellip;]<\/p>\n","protected":false},"author":1,"featured_media":0,"parent":0,"menu_order":0,"comment_status":"open","ping_status":"open","template":"","meta":{"footnotes":""},"class_list":["post-125","page","type-page","status-publish","hentry"],"yoast_head":"<!-- This site is optimized with the Yoast SEO plugin v26.9 - https:\/\/yoast.com\/product\/yoast-seo-wordpress\/ -->\n<title>Odcisk - Praxis f\u00fcr Psychotherapie<\/title>\n<meta name=\"robots\" content=\"index, follow, max-snippet:-1, max-image-preview:large, max-video-preview:-1\" \/>\n<link rel=\"canonical\" href=\"https:\/\/www.duesseldorfer-therapie.de\/pl\/odcisk\/\" \/>\n<meta property=\"og:locale\" content=\"pl_PL\" \/>\n<meta property=\"og:type\" content=\"article\" \/>\n<meta property=\"og:title\" content=\"Odcisk - Praxis f\u00fcr Psychotherapie\" \/>\n<meta property=\"og:description\" content=\"Diese Website wird tempor\u00e4r verwaltet von: Vitaliy Malykin Amsterdamer Str. 230 50735 K\u00f6ln Tel. 0211 795 64 998 Gesamtkonzept, Layout, Realisation: Webdesign Agentur Design4u CMS: WordPress von Vitaliy Malykin \/ evr.st Zust\u00e4ndige Kammer: Psychotherapeutenkammer NRW Willst\u00e4tterstr. 10 40549 D\u00fcsseldorf Gesetzliche Berufsbezeichnung: Diplom-Psychologin, verliehen in der Bundesrepublik Deutschland und Psychologische Psychotherapeutin (Verhaltenstherapie), verliehen in der Bundesrepublik [&hellip;]\" \/>\n<meta property=\"og:url\" content=\"https:\/\/www.duesseldorfer-therapie.de\/pl\/odcisk\/\" \/>\n<meta property=\"og:site_name\" content=\"Praxis f\u00fcr Psychotherapie\" \/>\n<meta property=\"article:modified_time\" content=\"2024-01-02T14:38:12+00:00\" \/>\n<meta property=\"og:image\" content=\"https:\/\/www.duesseldorfer-therapie.de\/wp-content\/uploads\/2014\/12\/design4u.logo_.jpg\" \/>\n<meta name=\"twitter:card\" content=\"summary_large_image\" \/>\n<meta name=\"twitter:label1\" content=\"Est. reading time\" \/>\n\t<meta name=\"twitter:data1\" content=\"4 minutes\" \/>\n<script type=\"application\/ld+json\" class=\"yoast-schema-graph\">{\"@context\":\"https:\/\/schema.org\",\"@graph\":[{\"@type\":\"WebPage\",\"@id\":\"https:\/\/www.duesseldorfer-therapie.de\/pl\/odcisk\/\",\"url\":\"https:\/\/www.duesseldorfer-therapie.de\/pl\/odcisk\/\",\"name\":\"Odcisk - Praxis f\u00fcr Psychotherapie\",\"isPartOf\":{\"@id\":\"https:\/\/www.duesseldorfer-therapie.de\/pl\/#website\"},\"primaryImageOfPage\":{\"@id\":\"https:\/\/www.duesseldorfer-therapie.de\/pl\/odcisk\/#primaryimage\"},\"image\":{\"@id\":\"https:\/\/www.duesseldorfer-therapie.de\/pl\/odcisk\/#primaryimage\"},\"thumbnailUrl\":\"https:\/\/www.duesseldorfer-therapie.de\/wp-content\/uploads\/2014\/12\/design4u.logo_.jpg\",\"datePublished\":\"2015-03-05T17:32:27+00:00\",\"dateModified\":\"2024-01-02T14:38:12+00:00\",\"breadcrumb\":{\"@id\":\"https:\/\/www.duesseldorfer-therapie.de\/pl\/odcisk\/#breadcrumb\"},\"inLanguage\":\"pl-PL\",\"potentialAction\":[{\"@type\":\"ReadAction\",\"target\":[\"https:\/\/www.duesseldorfer-therapie.de\/pl\/odcisk\/\"]}]},{\"@type\":\"ImageObject\",\"inLanguage\":\"pl-PL\",\"@id\":\"https:\/\/www.duesseldorfer-therapie.de\/pl\/odcisk\/#primaryimage\",\"url\":\"https:\/\/www.duesseldorfer-therapie.de\/wp-content\/uploads\/2014\/12\/design4u.logo_.jpg\",\"contentUrl\":\"https:\/\/www.duesseldorfer-therapie.de\/wp-content\/uploads\/2014\/12\/design4u.logo_.jpg\"},{\"@type\":\"BreadcrumbList\",\"@id\":\"https:\/\/www.duesseldorfer-therapie.de\/pl\/odcisk\/#breadcrumb\",\"itemListElement\":[{\"@type\":\"ListItem\",\"position\":1,\"name\":\"Startseite\",\"item\":\"https:\/\/www.duesseldorfer-therapie.de\/pl\/\"},{\"@type\":\"ListItem\",\"position\":2,\"name\":\"Odcisk\"}]},{\"@type\":\"WebSite\",\"@id\":\"https:\/\/www.duesseldorfer-therapie.de\/pl\/#website\",\"url\":\"https:\/\/www.duesseldorfer-therapie.de\/pl\/\",\"name\":\"Praxis f\u00fcr Psychotherapie\",\"description\":\"D\u00fcsseldorf\",\"publisher\":{\"@id\":\"https:\/\/www.duesseldorfer-therapie.de\/pl\/#organization\"},\"potentialAction\":[{\"@type\":\"SearchAction\",\"target\":{\"@type\":\"EntryPoint\",\"urlTemplate\":\"https:\/\/www.duesseldorfer-therapie.de\/pl\/?s={search_term_string}\"},\"query-input\":{\"@type\":\"PropertyValueSpecification\",\"valueRequired\":true,\"valueName\":\"search_term_string\"}}],\"inLanguage\":\"pl-PL\"},{\"@type\":\"Organization\",\"@id\":\"https:\/\/www.duesseldorfer-therapie.de\/pl\/#organization\",\"name\":\"Psychotherapeutische Privatpraxis D\u00fcsseldorf\",\"url\":\"https:\/\/www.duesseldorfer-therapie.de\/pl\/\",\"logo\":{\"@type\":\"ImageObject\",\"inLanguage\":\"pl-PL\",\"@id\":\"https:\/\/www.duesseldorfer-therapie.de\/pl\/#\/schema\/logo\/image\/\",\"url\":\"https:\/\/www.duesseldorfer-therapie.de\/wp-content\/uploads\/2019\/07\/katharina-lezoch-neu.300x240.jpg\",\"contentUrl\":\"https:\/\/www.duesseldorfer-therapie.de\/wp-content\/uploads\/2019\/07\/katharina-lezoch-neu.300x240.jpg\",\"width\":300,\"height\":240,\"caption\":\"Psychotherapeutische Privatpraxis D\u00fcsseldorf\"},\"image\":{\"@id\":\"https:\/\/www.duesseldorfer-therapie.de\/pl\/#\/schema\/logo\/image\/\"}}]}<\/script>\n<!-- \/ Yoast SEO plugin. -->","yoast_head_json":{"title":"Odcisk - Praxis f\u00fcr Psychotherapie","robots":{"index":"index","follow":"follow","max-snippet":"max-snippet:-1","max-image-preview":"max-image-preview:large","max-video-preview":"max-video-preview:-1"},"canonical":"https:\/\/www.duesseldorfer-therapie.de\/pl\/odcisk\/","og_locale":"pl_PL","og_type":"article","og_title":"Odcisk - Praxis f\u00fcr Psychotherapie","og_description":"Diese Website wird tempor\u00e4r verwaltet von: Vitaliy Malykin Amsterdamer Str. 230 50735 K\u00f6ln Tel. 0211 795 64 998 Gesamtkonzept, Layout, Realisation: Webdesign Agentur Design4u CMS: WordPress von Vitaliy Malykin \/ evr.st Zust\u00e4ndige Kammer: Psychotherapeutenkammer NRW Willst\u00e4tterstr. 10 40549 D\u00fcsseldorf Gesetzliche Berufsbezeichnung: Diplom-Psychologin, verliehen in der Bundesrepublik Deutschland und Psychologische Psychotherapeutin (Verhaltenstherapie), verliehen in der Bundesrepublik [&hellip;]","og_url":"https:\/\/www.duesseldorfer-therapie.de\/pl\/odcisk\/","og_site_name":"Praxis f\u00fcr Psychotherapie","article_modified_time":"2024-01-02T14:38:12+00:00","og_image":[{"url":"https:\/\/www.duesseldorfer-therapie.de\/wp-content\/uploads\/2014\/12\/design4u.logo_.jpg","type":"","width":"","height":""}],"twitter_card":"summary_large_image","twitter_misc":{"Est. reading time":"4 minutes"},"schema":{"@context":"https:\/\/schema.org","@graph":[{"@type":"WebPage","@id":"https:\/\/www.duesseldorfer-therapie.de\/pl\/odcisk\/","url":"https:\/\/www.duesseldorfer-therapie.de\/pl\/odcisk\/","name":"Odcisk - Praxis f\u00fcr Psychotherapie","isPartOf":{"@id":"https:\/\/www.duesseldorfer-therapie.de\/pl\/#website"},"primaryImageOfPage":{"@id":"https:\/\/www.duesseldorfer-therapie.de\/pl\/odcisk\/#primaryimage"},"image":{"@id":"https:\/\/www.duesseldorfer-therapie.de\/pl\/odcisk\/#primaryimage"},"thumbnailUrl":"https:\/\/www.duesseldorfer-therapie.de\/wp-content\/uploads\/2014\/12\/design4u.logo_.jpg","datePublished":"2015-03-05T17:32:27+00:00","dateModified":"2024-01-02T14:38:12+00:00","breadcrumb":{"@id":"https:\/\/www.duesseldorfer-therapie.de\/pl\/odcisk\/#breadcrumb"},"inLanguage":"pl-PL","potentialAction":[{"@type":"ReadAction","target":["https:\/\/www.duesseldorfer-therapie.de\/pl\/odcisk\/"]}]},{"@type":"ImageObject","inLanguage":"pl-PL","@id":"https:\/\/www.duesseldorfer-therapie.de\/pl\/odcisk\/#primaryimage","url":"https:\/\/www.duesseldorfer-therapie.de\/wp-content\/uploads\/2014\/12\/design4u.logo_.jpg","contentUrl":"https:\/\/www.duesseldorfer-therapie.de\/wp-content\/uploads\/2014\/12\/design4u.logo_.jpg"},{"@type":"BreadcrumbList","@id":"https:\/\/www.duesseldorfer-therapie.de\/pl\/odcisk\/#breadcrumb","itemListElement":[{"@type":"ListItem","position":1,"name":"Startseite","item":"https:\/\/www.duesseldorfer-therapie.de\/pl\/"},{"@type":"ListItem","position":2,"name":"Odcisk"}]},{"@type":"WebSite","@id":"https:\/\/www.duesseldorfer-therapie.de\/pl\/#website","url":"https:\/\/www.duesseldorfer-therapie.de\/pl\/","name":"Praxis f\u00fcr Psychotherapie","description":"D\u00fcsseldorf","publisher":{"@id":"https:\/\/www.duesseldorfer-therapie.de\/pl\/#organization"},"potentialAction":[{"@type":"SearchAction","target":{"@type":"EntryPoint","urlTemplate":"https:\/\/www.duesseldorfer-therapie.de\/pl\/?s={search_term_string}"},"query-input":{"@type":"PropertyValueSpecification","valueRequired":true,"valueName":"search_term_string"}}],"inLanguage":"pl-PL"},{"@type":"Organization","@id":"https:\/\/www.duesseldorfer-therapie.de\/pl\/#organization","name":"Psychotherapeutische Privatpraxis D\u00fcsseldorf","url":"https:\/\/www.duesseldorfer-therapie.de\/pl\/","logo":{"@type":"ImageObject","inLanguage":"pl-PL","@id":"https:\/\/www.duesseldorfer-therapie.de\/pl\/#\/schema\/logo\/image\/","url":"https:\/\/www.duesseldorfer-therapie.de\/wp-content\/uploads\/2019\/07\/katharina-lezoch-neu.300x240.jpg","contentUrl":"https:\/\/www.duesseldorfer-therapie.de\/wp-content\/uploads\/2019\/07\/katharina-lezoch-neu.300x240.jpg","width":300,"height":240,"caption":"Psychotherapeutische Privatpraxis D\u00fcsseldorf"},"image":{"@id":"https:\/\/www.duesseldorfer-therapie.de\/pl\/#\/schema\/logo\/image\/"}}]}},"_links":{"self":[{"href":"https:\/\/www.duesseldorfer-therapie.de\/pl\/wp-json\/wp\/v2\/pages\/125","targetHints":{"allow":["GET"]}}],"collection":[{"href":"https:\/\/www.duesseldorfer-therapie.de\/pl\/wp-json\/wp\/v2\/pages"}],"about":[{"href":"https:\/\/www.duesseldorfer-therapie.de\/pl\/wp-json\/wp\/v2\/types\/page"}],"author":[{"embeddable":true,"href":"https:\/\/www.duesseldorfer-therapie.de\/pl\/wp-json\/wp\/v2\/users\/1"}],"replies":[{"embeddable":true,"href":"https:\/\/www.duesseldorfer-therapie.de\/pl\/wp-json\/wp\/v2\/comments?post=125"}],"version-history":[{"count":3,"href":"https:\/\/www.duesseldorfer-therapie.de\/pl\/wp-json\/wp\/v2\/pages\/125\/revisions"}],"predecessor-version":[{"id":1514,"href":"https:\/\/www.duesseldorfer-therapie.de\/pl\/wp-json\/wp\/v2\/pages\/125\/revisions\/1514"}],"wp:attachment":[{"href":"https:\/\/www.duesseldorfer-therapie.de\/pl\/wp-json\/wp\/v2\/media?parent=125"}],"curies":[{"name":"wp","href":"https:\/\/api.w.org\/{rel}","templated":true}]}}